{"id":8,"date":"2020-08-13T04:31:59","date_gmt":"2020-08-13T04:31:59","guid":{"rendered":"http:\/\/centrico.mx\/?page_id=8"},"modified":"2025-09-10T19:46:01","modified_gmt":"2025-09-11T00:46:01","slug":"nosotros","status":"publish","type":"page","link":"https:\/\/centrico.mx\/?page_id=8","title":{"rendered":"NOSOTROS"},"content":{"rendered":"\n<p>C\u00e9ntrico es un equipo de especialistas en planeaci\u00f3n, dise\u00f1o, implementaci\u00f3n y evaluaci\u00f3n de proyectos de movilidad urbana sustentable. Fundado en 2016, formaliza un trabajo previo de 10 a\u00f1os en la promoci\u00f3n de la movilidad sustentable desde la sociedad civil y da continuidad para enfocarse en la implementaci\u00f3n de proyectos, adicional al enfoque de pol\u00edticas p\u00fablicas que se ten\u00eda.<\/p>\n\n\n\n<p>En C\u00e9ntrico creemos en el potencial de las ciudades como elemento central para mejorar la calidad de vida de las personas, y en la movilidad urbana como un poderoso instrumento para generar mejores entornos urbanos m\u00e1s competitivos, sustentables y socialmente equitativos. Apostamos por proyectos multimodales, con alto valor social y ambiental, alta legitimidad social, que usen\/generen datos abiertos y que prioricen la cobertura, calidad y asequibilidad de los sistemas de movilidad para todos los ciudadanos.<\/p>\n\n\n\n<p>Buscamos convertir las ideas en soluciones, en proyectos que se implementen. Por eso aportamos soluciones en el ciclo de proyectos completo: la planeaci\u00f3n, el dise\u00f1o, la implementaci\u00f3n y la evaluaci\u00f3n. Nuestra pasi\u00f3n es mejorar la calidad de vida a trav\u00e9s de la innovaci\u00f3n. Sabemos que ese impacto transformador en la vida de las personas solo se consigue si gobiernos, empresas privadas y comunidad trabajamos juntos en una visi\u00f3n s\u00f3lida.<\/p>\n\n\n\n<h1 class=\"wp-block-heading\">Pol\u00edtica de integridad<\/h1>\n\n\n\n<ul class=\"wp-block-list\">\n<li><a href=\"http:\/\/www.centrico.mx\/docs\/centrico-politica-v3.pdf\" target=\"_blank\" rel=\"noreferrer noopener\">Manual de Pol\u00edticas y Procedimientos versi\u00f3n 3 vigente<\/a> (20-jun-24)<\/li>\n\n\n\n<li><a rel=\"noreferrer noopener\" href=\"http:\/\/www.centrico.mx\/docs\/centrico-politica-v2.pdf\" target=\"_blank\">Manual de Pol\u00edticas y Procedimientos versi\u00f3n 2<\/a> (29-may-23)<\/li>\n\n\n\n<li><a href=\"http:\/\/www.centrico.mx\/docs\/centrico-politica-v1.pdf\">Manual de Pol\u00edticas y Procedimientos versi\u00f3n 1<\/a> (10-ene-20)<\/li>\n<\/ul>\n\n\n\n<h1 class=\"wp-block-heading\">Nuestro equipo<\/h1>\n\n\n\n<figure class=\"wp-block-table\"><table class=\"has-fixed-layout\"><tbody><tr><td class=\"has-text-align-center\" data-align=\"center\"><img loading=\"lazy\" decoding=\"async\" width=\"400\" height=\"400\" class=\"wp-image-834\" style=\"width: 400px;\" src=\"http:\/\/centrico.mx\/wp-content\/uploads\/2025\/03\/aleleal.jpeg\" alt=\"\" srcset=\"https:\/\/centrico.mx\/wp-content\/uploads\/2025\/03\/aleleal.jpeg 800w, https:\/\/centrico.mx\/wp-content\/uploads\/2025\/03\/aleleal-300x300.jpeg 300w, https:\/\/centrico.mx\/wp-content\/uploads\/2025\/03\/aleleal-150x150.jpeg 150w, https:\/\/centrico.mx\/wp-content\/uploads\/2025\/03\/aleleal-768x768.jpeg 768w, https:\/\/centrico.mx\/wp-content\/uploads\/2025\/03\/aleleal-600x600.jpeg 600w\" sizes=\"auto, (max-width: 400px) 100vw, 400px\" \/><\/td><td><strong>Alejandra Leal.<\/strong> Especialista en movilidad, seguridad vial y enlace con sociedad civil y gobierno, es Economista por el CIDE y cuenta con la Maestr\u00eda en Pol\u00edticas P\u00fablicas por la Hertie School of Governance de Berl\u00edn. Ha asesorado a gobiernos locales de M\u00e9xico en mejoras al dise\u00f1o vial para contar con entornos peatonales seguros, la implementaci\u00f3n de infraestructura ciclista con criterios de acuerdo al Manual Ciclociudades de ITDP y la implementaci\u00f3n de programas de bicicleta p\u00fablica. Tambi\u00e9n ha asesorado en la redacci\u00f3n de los reglamentos de tr\u00e1nsito de diversas ciudades y su aplicaci\u00f3n, as\u00ed como en programas de cultura de movilidad. X: <a href=\"https:\/\/twitter.com\/alelealv\" target=\"_blank\" rel=\"noreferrer noopener\">@alelealv<\/a><\/td><\/tr><tr><td class=\"has-text-align-center\" data-align=\"center\"><img loading=\"lazy\" decoding=\"async\" width=\"400\" height=\"375\" class=\"wp-image-835\" style=\"width: 400px;\" src=\"http:\/\/centrico.mx\/wp-content\/uploads\/2025\/03\/xtt.jpeg\" alt=\"\" srcset=\"https:\/\/centrico.mx\/wp-content\/uploads\/2025\/03\/xtt.jpeg 654w, https:\/\/centrico.mx\/wp-content\/uploads\/2025\/03\/xtt-300x281.jpeg 300w, https:\/\/centrico.mx\/wp-content\/uploads\/2025\/03\/xtt-600x562.jpeg 600w\" sizes=\"auto, (max-width: 400px) 100vw, 400px\" \/><\/td><td><strong>Xavier Trevi\u00f1o Theesz.<\/strong> Fundador y codirector de C\u00e9ntrico desde 2016. Consultor y activista de la movilidad sustentable y la seguridad vial. Como consultor ha participado y sigue participando en m\u00faltiples proyectos de regulaci\u00f3n, planeaci\u00f3n, dise\u00f1o, implementaci\u00f3n y evaluaci\u00f3n de pol\u00edticas, programas y obras de movilidad. Como activista cree en un mundo descarbonizado, con cero fallecidos en el tr\u00e1nsito, altamente equitativo y con ciudades densas y compactas que nos permitan proteger los habitats naturales. Porque nuestro h\u00e1bitat son las ciudades. Previamente fund\u00f3 y dirigi\u00f3 la oficina en M\u00e9xico del ITDP (2006-2015). Cuenta con estudios de F\u00edsica en la UNAM y Estudios Urbanos en El Colegio de M\u00e9xico. X: <a href=\"https:\/\/twitter.com\/xtrevi\" target=\"_blank\" rel=\"noreferrer noopener\">@xtrevi<\/a><\/td><\/tr><tr><td class=\"has-text-align-center\" data-align=\"center\"><img loading=\"lazy\" decoding=\"async\" width=\"400\" height=\"400\" class=\"wp-image-158\" style=\"width: 400px;\" src=\"http:\/\/centrico.mx\/wp-content\/uploads\/2020\/08\/patricio.jpg\" alt=\"\" srcset=\"https:\/\/centrico.mx\/wp-content\/uploads\/2020\/08\/patricio.jpg 500w, https:\/\/centrico.mx\/wp-content\/uploads\/2020\/08\/patricio-300x300.jpg 300w, https:\/\/centrico.mx\/wp-content\/uploads\/2020\/08\/patricio-150x150.jpg 150w\" sizes=\"auto, (max-width: 400px) 100vw, 400px\" \/><\/td><td><strong>Patricio Ruiz.<\/strong> Dise\u00f1ador urbano y terapeuta. Supervisi\u00f3n y desarrollo de proyectos de movilidad no motorizada en diferentes niveles con \u00e9nfasis en la creaci\u00f3n de infraestructura segura, accesible e incluyente. Alianzas y consultor\u00edas para sector p\u00fablico y privado para el desarrollo e implementaci\u00f3n de pol\u00edticas y acciones para la movilidad no motorizada y la seguridad vial. X: <a href=\"https:\/\/twitter.com\/Neuve\" target=\"_blank\" rel=\"noreferrer noopener\">@neuve<\/a><\/td><\/tr><tr><td class=\"has-text-align-center\" data-align=\"center\"><img loading=\"lazy\" decoding=\"async\" width=\"400\" height=\"400\" class=\"wp-image-833\" style=\"width: 400px;\" src=\"http:\/\/centrico.mx\/wp-content\/uploads\/2025\/03\/armando.jpg\" alt=\"\" srcset=\"https:\/\/centrico.mx\/wp-content\/uploads\/2025\/03\/armando.jpg 400w, https:\/\/centrico.mx\/wp-content\/uploads\/2025\/03\/armando-300x300.jpg 300w, https:\/\/centrico.mx\/wp-content\/uploads\/2025\/03\/armando-150x150.jpg 150w\" sizes=\"auto, (max-width: 400px) 100vw, 400px\" \/><\/td><td><strong>Armando Pliego Ishikawa<\/strong>. Consultor, gestor de proyectos y conferencista experto en pol\u00edticas p\u00fablicas participativas, con especializaci\u00f3n en movilidad sostenible y fortalecimiento de la ciudadan\u00eda. Ha liderado procesos de incidencia legislativa y colabora con gobiernos estatales para dise\u00f1ar espacios de participaci\u00f3n ciudadana que conviertan las demandas sociales en pol\u00edticas p\u00fablicas efectivas. Apasionado por el espacio p\u00fablico, integra metodolog\u00edas de planeaci\u00f3n prospectiva y gobernanza colaborativa para empoderar a comunidades y organizaciones civiles en la definici\u00f3n, seguimiento y evaluaci\u00f3n de pol\u00edticas. Su enfoque se centra en profesionalizar a la sociedad civil, fortalecer capacidades institucionales y fomentar alianzas multisectoriales que garanticen soluciones sostenibles e inclusivas. X: <a href=\"https:\/\/x.com\/dobbyloca\">@dobbyloca<\/a><\/td><\/tr><tr><td class=\"has-text-align-center\" data-align=\"center\"><img loading=\"lazy\" decoding=\"async\" width=\"300\" height=\"226\" class=\"wp-image-941\" style=\"width: 300px;\" src=\"http:\/\/centrico.mx\/wp-content\/uploads\/2025\/09\/ceci.png\" alt=\"\" srcset=\"https:\/\/centrico.mx\/wp-content\/uploads\/2025\/09\/ceci.png 580w, https:\/\/centrico.mx\/wp-content\/uploads\/2025\/09\/ceci-300x226.png 300w\" sizes=\"auto, (max-width: 300px) 100vw, 300px\" \/><\/td><td><strong>Cecilia Yanez Vald\u00e9s<\/strong>. Abogada especializada en derecho internacional de los derechos humanos y an\u00e1lisis legislativo. Ha desarrollado su carrera en la intersecci\u00f3n entre la elaboraci\u00f3n normativa, la docencia y la cooperaci\u00f3n internacional. Su experiencia abarca la asesor\u00eda en procesos legislativos, la investigaci\u00f3n jur\u00eddica y la implementaci\u00f3n de estrategias de formaci\u00f3n en derechos laborales, aportando un enfoque riguroso y transversal para el fortalecimiento de derechos econ\u00f3micos, sociales y culturales.<br>Su trayectoria le ha permitido colaborar con instituciones p\u00fablicas como el Senado de la Rep\u00fablica, organismos internacionales como la Comisi\u00f3n Interamericana de Derechos Humanos, universidades y organizaciones de la sociedad civil, orientando su trabajo a la construcci\u00f3n de marcos normativos y pol\u00edticas p\u00fablicas desde una perspectiva de g\u00e9nero y derechos humanos. Los proyectos jur\u00eddicos en los que ha participado incluyen la Ley General de Movilidad y Seguridad Vial y una iniciativa de reforma en materia de derecho a la movilidad de ni\u00f1as, ni\u00f1os y adolescentes en coordinaci\u00f3n con la Coalici\u00f3n Movilidad Segura, adem\u00e1s de otras propuestas legislativas de sociedad civil sobre igualdad de g\u00e9nero, DESCA y poblaci\u00f3n LGBTI.<\/td><\/tr><\/tbody><\/table><\/figure>\n","protected":false},"excerpt":{"rendered":"<p>C\u00e9ntrico es un equipo de especialistas en planeaci\u00f3n, dise\u00f1o, implementaci\u00f3n y evaluaci\u00f3n de proyectos de movilidad urbana sustentable. Fundado en 2016, formaliza un trabajo previo de 10 a\u00f1os en la promoci\u00f3n de la movilidad sustentable desde la sociedad civil y da continuidad para enfocarse en la implementaci\u00f3n de proyectos, adicional al enfoque de pol\u00edticas p\u00fablicas [&hellip;]<\/p>\n","protected":false},"author":1,"featured_media":0,"parent":0,"menu_order":0,"comment_status":"closed","ping_status":"closed","template":"","meta":{"footnotes":""},"class_list":["post-8","page","type-page","status-publish","hentry"],"_links":{"self":[{"href":"https:\/\/centrico.mx\/index.php?rest_route=\/wp\/v2\/pages\/8","targetHints":{"allow":["GET"]}}],"collection":[{"href":"https:\/\/centrico.mx\/index.php?rest_route=\/wp\/v2\/pages"}],"about":[{"href":"https:\/\/centrico.mx\/index.php?rest_route=\/wp\/v2\/types\/page"}],"author":[{"embeddable":true,"href":"https:\/\/centrico.mx\/index.php?rest_route=\/wp\/v2\/users\/1"}],"replies":[{"embeddable":true,"href":"https:\/\/centrico.mx\/index.php?rest_route=%2Fwp%2Fv2%2Fcomments&post=8"}],"version-history":[{"count":18,"href":"https:\/\/centrico.mx\/index.php?rest_route=\/wp\/v2\/pages\/8\/revisions"}],"predecessor-version":[{"id":946,"href":"https:\/\/centrico.mx\/index.php?rest_route=\/wp\/v2\/pages\/8\/revisions\/946"}],"wp:attachment":[{"href":"https:\/\/centrico.mx\/index.php?rest_route=%2Fwp%2Fv2%2Fmedia&parent=8"}],"curies":[{"name":"wp","href":"https:\/\/api.w.org\/{rel}","templated":true}]}}